{"id":59,"date":"2016-06-05T11:52:46","date_gmt":"2016-06-05T09:52:46","guid":{"rendered":"http:\/\/editionsdupetitcaveau.com\/wordpress\/?page_id=59"},"modified":"2020-04-10T11:32:12","modified_gmt":"2020-04-10T09:32:12","slug":"nouvelles-publiees","status":"publish","type":"page","link":"https:\/\/editionsdupetitcaveau.com\/wordpress\/nouvelles-publiees\/","title":{"rendered":"Nouvelles publi\u00e9es"},"content":{"rendered":"\n<div class=\"wp-block-group\"><div class=\"wp-block-group__inner-container is-layout-flow wp-block-group-is-layout-flow\">\n<p><strong>LE VIEIL HOMME ET L&rsquo;OPOSSUM<\/strong><\/p>\n<p>Paru dans l&rsquo;anthologie L\u00e9gendes d&rsquo;Oc\u00e9anie aux \u00e9ditions Evidence<\/p>\n<p>De la Nouvelle-Z\u00e9lande avec ses Maoris et sa faune jusqu\u2019\u00e0 l\u2019Australie, pays-continent, et ses d\u00e9serts o\u00f9 roulent des boules d\u2019herbes s\u00e9ch\u00e9es, son vent sec et torride qui murmure aux oreilles, son Outback, son Temps des R\u00eaves ou ses Aborig\u00e8nes&#8230;<\/p>\n<p>Avec Victor Hugo et d\u2019autres, r\u00e9cits classiques, fantastiques ou de science-fiction, tous les auteurs de cette anthologie ont laiss\u00e9 des l\u00e9gendes souvent m\u00e9connues les emporter sur le chemin de l\u2019\u00e9criture jusqu\u2019\u00e0 nous faire sourire, songer&#8230; ou fr\u00e9mir.<\/p>\n<p>A l\u2019autre bout de la Terre, un monde s\u2019ouvre \u00e0 vous, myst\u00e9rieux et inexplor\u00e9. Prenez vos chaussures de marche, une casquette et une gourde d\u2019eau pour vous enfoncer dans le c\u0153ur du \u00ab pays o\u00f9 tout est encore possible \u00bb. 8,5 millions de kilom\u00e8tres carr\u00e9s pour des l\u00e9gendes au go\u00fbt exotique.<\/p>\n<p>***<\/p>\n<p><strong>Les auteur(e)s :<\/strong><\/p>\n<p><strong>Ambre Dubois<\/strong> &#8211; Le vieillard et l\u2019opossum<\/p>\n<p><strong> Anthelme Hauchecorne<\/strong> &#8211; Le tic-tac des tikis<\/p>\n<p><strong>Brice Tarve<\/strong>l &#8211; La m\u00e9moire br\u00fbl\u00e9e<\/p>\n<p><strong>Daph K. Travis<\/strong> &#8211; G\u00e9nitures de l\u2019outback<\/p>\n<p><strong>Fabien Clavel<\/strong> &#8211; Je suis le bois qu\u2019on m\u00e2che<\/p>\n<p><strong>Gulzar Joby<\/strong> &#8211; Tangaorii la magnifique<\/p>\n<p><strong>Jean-Christophe Chaumette<\/strong> &#8211; Traduction<\/p>\n<p><strong>Kwam\u00e9 Maherpa<\/strong> &#8211; L\u2019aigle d\u2019Aoteroa<\/p>\n<p><strong>Marc Van Buggenhout<\/strong> &#8211; L\u2019ambassadeur<\/p>\n<p><strong>Patrick Vast<\/strong> &#8211; Le retour du dieu<\/p>\n<p><strong> Pierre Brulhet<\/strong> &#8211; Ce vieux Buck&#8230;<\/p>\n<p><strong> Sophie Dabat<\/strong> &#8211; L\u2019enfant et le nargun<\/p>\n<p><strong> Tepthida Hay<\/strong> &#8211; \u00c0 l\u2019ombre du figuier<\/p>\n<p><strong> Yoann Berjaud<\/strong> &#8211; Le syndrome Sydney<\/p>\n<p><img loading=\"lazy\" decoding=\"async\" class=\"aligncenter size-medium wp-image-197\" src=\"http:\/\/editionsdupetitcaveau.com\/wordpress\/wp-content\/uploads\/2020\/04\/Couv-Legendes-dOceanie-immat-210x300.jpg\" alt=\"\" width=\"210\" height=\"300\" srcset=\"https:\/\/editionsdupetitcaveau.com\/wordpress\/wp-content\/uploads\/2020\/04\/Couv-Legendes-dOceanie-immat-210x300.jpg 210w, https:\/\/editionsdupetitcaveau.com\/wordpress\/wp-content\/uploads\/2020\/04\/Couv-Legendes-dOceanie-immat-716x1024.jpg 716w, https:\/\/editionsdupetitcaveau.com\/wordpress\/wp-content\/uploads\/2020\/04\/Couv-Legendes-dOceanie-immat-768x1099.jpg 768w, https:\/\/editionsdupetitcaveau.com\/wordpress\/wp-content\/uploads\/2020\/04\/Couv-Legendes-dOceanie-immat-1074x1536.jpg 1074w, https:\/\/editionsdupetitcaveau.com\/wordpress\/wp-content\/uploads\/2020\/04\/Couv-Legendes-dOceanie-immat-1431x2048.jpg 1431w, https:\/\/editionsdupetitcaveau.com\/wordpress\/wp-content\/uploads\/2020\/04\/Couv-Legendes-dOceanie-immat.jpg 1783w\" sizes=\"auto, (max-width: 210px) 100vw, 210px\" \/><\/p>\n<p><span style=\"text-decoration: underline;\"><strong>LA FUREUR DE SEKHMET<\/strong><\/span><\/p>\n<p>Paru dans l&rsquo;anthologie \u00ab\u00a0R\u00eaves d&rsquo;Afrique\u00a0\u00bb des \u00e9ditions Vo&rsquo;yel en juillet 2016<\/p>\n<p><span style=\"text-decoration: underline;\">Sommaire<\/span>:<\/p>\n<p>&#8211; Berryl Rose : Les \u00e9l\u00e9phants de Sankourou<\/p>\n<p>&#8211; Bonnefons Emmanuelle : Qui se souvient encore de moi ?<\/p>\n<p>&#8211; Bry David : Celle qui conte<\/p>\n<p>&#8211; Clavel Fabien : La fille qui fut promise au dieu-serpent<\/p>\n<p>&#8211; Collins Christophe : Sables<\/p>\n<p>&#8211; Dabat Anne-Sophie : Emela-ntouka<\/p>\n<p>&#8211; Darnaudet Boris : Gro-Mak-Gra-Che<\/p>\n<p>&#8211; Dartevelle Alain : Anima Mea<\/p>\n<p>&#8211; Dubois Ambre : La Fureur de Sekhmet<\/p>\n<p>&#8211; Felin Jer\u00f4me : La r\u00e9surrection d\u2019Olokun<\/p>\n<p>&#8211; Gentilhomme Serena : Lettre morte<\/p>\n<p>&#8211; Gudule : La Rose Blanche du Caire<\/p>\n<p>&#8211; Guillaume C\u00e9line : Jahia<\/p>\n<p>&#8211; Gulzar Joby : Amazulu est de retour<\/p>\n<p>&#8211; Marchetto H\u00e9l\u00e8ne : Le Gardien<\/p>\n<p>&#8211; Kwam\u00e9 Maherpa : S\u00e9cheresse et chaos<\/p>\n<p>&#8211; Mercier Jacques : L\u2019Ankh<\/p>\n<p>&#8211; Milleman Jean : Les Voies du dessous<\/p>\n<p>&#8211; Tarvel Brice : La Robe d\u2019\u00e9cailles<\/p>\n<p>&#8211; Trudel Jean-Louis : Les mamans d\u2019Ibadan<\/p>\n<p>&#8211; Van Buggenhout Marc : Les semences du d\u00e9sert<\/p>\n<p>&#8211; Vast Patrick : Saxo Bird<\/p>\n<p><img loading=\"lazy\" decoding=\"async\" class=\"aligncenter size-medium wp-image-201\" src=\"http:\/\/editionsdupetitcaveau.com\/wordpress\/wp-content\/uploads\/2020\/04\/978377988-200x300.jpg\" alt=\"\" width=\"200\" height=\"300\" srcset=\"https:\/\/editionsdupetitcaveau.com\/wordpress\/wp-content\/uploads\/2020\/04\/978377988-200x300.jpg 200w, https:\/\/editionsdupetitcaveau.com\/wordpress\/wp-content\/uploads\/2020\/04\/978377988-683x1024.jpg 683w, https:\/\/editionsdupetitcaveau.com\/wordpress\/wp-content\/uploads\/2020\/04\/978377988-768x1152.jpg 768w, https:\/\/editionsdupetitcaveau.com\/wordpress\/wp-content\/uploads\/2020\/04\/978377988.jpg 1000w\" sizes=\"auto, (max-width: 200px) 100vw, 200px\" \/><\/p>\n<p><span style=\"text-decoration: underline;\"><strong>MABON<\/strong><\/span><\/p>\n<p>Paru dans l&rsquo;anthologie \u00ab\u00a0Saisons paiennes\u00a0\u00bb des \u00e9ditions du Chat Noir en novembre 2012<\/p>\n<p><img loading=\"lazy\" decoding=\"async\" class=\"aligncenter size-medium wp-image-202\" src=\"http:\/\/editionsdupetitcaveau.com\/wordpress\/wp-content\/uploads\/2020\/04\/saisonspaiennes-209x300.jpg\" alt=\"\" width=\"209\" height=\"300\" srcset=\"https:\/\/editionsdupetitcaveau.com\/wordpress\/wp-content\/uploads\/2020\/04\/saisonspaiennes-209x300.jpg 209w, https:\/\/editionsdupetitcaveau.com\/wordpress\/wp-content\/uploads\/2020\/04\/saisonspaiennes.jpg 404w\" sizes=\"auto, (max-width: 209px) 100vw, 209px\" \/><\/p>\n<p>Auteurs : Ambre Dubois, Ang\u00e9lique Ferreira, Marianne Gellon, C\u00e9line Guillaume, C\u00e9cile Guillot, Bettina Nordet, St\u00e9phane Soutoul, Vanessa Terral<\/p>\n<p align=\"justify\">Les f\u00eates pa\u00efennes se succ\u00e8dent au rythme lent de la roue de l\u2019ann\u00e9e. Les rites se suivent, de l\u2019\u00e9closion de la Nature \u00e0 la saison sombre, en passant par la maturit\u00e9 et l\u2019abondance \u2013\u00a0puis la venue de ce miracle sans cesse r\u00e9p\u00e9t\u00e9\u00a0: le renouveau. Aujourd\u2019hui encore, ces agapes nous parlent des ravages des temp\u00eates et des frimas, de la peur de la Nuit, de l\u2019\u00e9merveillement face \u00e0 la Vie, de la passion charnelle qui r\u00e9chauffe les \u00e2mes aussi bien que les corps.<br \/>Dans ces <em>Saisons pa\u00efennes<\/em>, huit auteurs vous invitent \u00e0 d\u00e9couvrir autant de c\u00e9l\u00e9brations, ainsi que les couleurs, les \u00e9motions et les enseignements qui les d\u00e9finissent. Chacune de leurs histoires, illustr\u00e9es avec po\u00e9sie et tendresse par Serafina, joue des symboles et de l\u2019atmosph\u00e8re appartenant \u00e0 la f\u00eate qui l\u2019a inspir\u00e9e.<br \/>Liens familiaux et liens d\u2019amour, mais aussi qu\u00eate d\u2019identit\u00e9 et soif d\u2019acceptation par soi-m\u00eame comme par les siens sont autant de questions qui se font \u00e9cho d\u2019un r\u00e9cit \u00e0 l\u2019autre. L\u2019individu se transforme dans une alchimie sauvage et naturelle qui se r\u00e9alise depuis l\u2019enfance de l\u2019humanit\u00e9. Il \u00e9volue et se \u00ab\u00a0d\u00e9passe\u00a0\u00bb, pourrait-on dire. Mais il n\u2019est pas tant question d\u2019aller au-dehors de soi que de chercher <em>sa<\/em> v\u00e9rit\u00e9 en son \u00e2me et son esprit.<br \/>La Roue des Saisons r\u00e9sonne, au final, comme un voyage vers soi-m\u00eame.<\/p>\n<p>Site de l&rsquo;\u00e9diteur:\u00a0\u00a0<a href=\"http:\/\/www.editionsduchatnoir.com\/saisons.html\"><span style=\"color: #0066cc;\">http:\/\/www.editionsduchatnoir.com\/saisons.html<\/span><\/a><\/p>\n<p><strong><span style=\"text-decoration: underline;\">VANITE OU DESTINEE<\/span><br \/><\/strong>Paru dans l&rsquo;anthologie \u00ab\u00a0Dame de Lune, F\u00e9e de Brume\u00a0\u00bb des \u00e9ditions du Chat Noir en janvier 2012<\/p>\n<p><img loading=\"lazy\" decoding=\"async\" class=\"aligncenter size-medium wp-image-203\" src=\"http:\/\/editionsdupetitcaveau.com\/wordpress\/wp-content\/uploads\/2020\/04\/damedelunegrd-209x300.jpg\" alt=\"\" width=\"209\" height=\"300\" srcset=\"https:\/\/editionsdupetitcaveau.com\/wordpress\/wp-content\/uploads\/2020\/04\/damedelunegrd-209x300.jpg 209w, https:\/\/editionsdupetitcaveau.com\/wordpress\/wp-content\/uploads\/2020\/04\/damedelunegrd.jpg 500w\" sizes=\"auto, (max-width: 209px) 100vw, 209px\" \/><\/p>\n<p>Les auteurs : Ambre Dubois, Loswen Fa\u00ebnyn, Ang\u00e9lique Ferreira, C\u00e9line Guillaume, Mala\u00efka Macumi, St\u00e9phane Soutoul, Vanessa Terral et Lia Vilor\u00eb.<\/p>\n<p>Un m\u00e9decin fait une exp\u00e9rience des plus \u00e9tranges au chevet de sa patiente sur le d\u00e9clin&#8230; Une adolescente insouciante se retrouve transport\u00e9e dans un monde inqui\u00e9tant&#8230; Une jeune magicienne est d\u00e9sign\u00e9e pour d\u00e9barrasser son royaume d\u2019un terrible dragon&#8230; Une f\u00e9e est pr\u00eate \u00e0 tous les sacrifices pour sauver son prince d&rsquo;un funeste destin&#8230;<br \/>Huit contes, huit illustrations, m\u00ealant magie et amour. Allez \u00e0 la rencontre de divinit\u00e9s et de cr\u00e9atures merveilleuses ou d\u00e9moniaques&#8230; D\u00e9couvrez des histoires au parfum de terribles mal\u00e9dictions, de destins tragiques, mais aussi de courage et de nobles sentiments !<\/p>\n<p>Site de l&rsquo;\u00e9diteur: <a href=\"http:\/\/www.editionsduchatnoir.com\/dames_lune.html\"><span style=\"color: #0066cc;\">http:\/\/www.editionsduchatnoir.com\/dames_lune.html<\/span><\/a><\/p>\n<p><span style=\"text-decoration: underline;\"><strong>LA FILLE AUX CLOUS<\/strong><\/span><br \/>Paru dans le recueil \u00ab\u00a0Contes du Monde\u00a0\u00bb des \u00e9ditions du Riez en novembre 2011<\/p>\n<p><img loading=\"lazy\" decoding=\"async\" class=\"aligncenter size-medium wp-image-182\" src=\"http:\/\/editionsdupetitcaveau.com\/wordpress\/wp-content\/uploads\/2020\/04\/contes-222x300.jpg\" alt=\"\" width=\"222\" height=\"300\" srcset=\"https:\/\/editionsdupetitcaveau.com\/wordpress\/wp-content\/uploads\/2020\/04\/contes-222x300.jpg 222w, https:\/\/editionsdupetitcaveau.com\/wordpress\/wp-content\/uploads\/2020\/04\/contes.jpg 362w\" sizes=\"auto, (max-width: 222px) 100vw, 222px\" \/><\/p>\n<p>Anthologie dirig\u00e9e par Alexis Lorens<\/p>\n<p>Illustration de couverture : Fablyrr (Fabien Fernandez)<br \/>3 \u20ac sur chaque ouvrage vendu seront revers\u00e9s \u00e0 l&rsquo;association BIBLIOTHEQUES SANS FRONTIERES.<\/p>\n<p>Sommaire :<\/p>\n<p>&#8211; Cyril Carau (L&rsquo;Oiseau Roi &amp; le Lion Magicien)<br \/>&#8211; C\u00e9line Guillaume (Viva Amor)<br \/>&#8211; Yves Crouzet (L&rsquo;Echine du Monde)<br \/>&#8211; Vincent Milhou (Vie &amp; mort du Soleil)<br \/>&#8211; Ambre Dubois (La fille aux clous)<br \/>&#8211; Christophe Nicolas (Coccinelle)<br \/>&#8211; Nico Bally (L&rsquo;histoire du chanteur m\u00e9lancolique &amp; de Jacques le dresseur de Feux Follets)<br \/>&#8211; Charlotte Bousquet (Nach dem Krieg)<br \/>&#8211; Gabriel Feraud (les Cinq G\u00e9nies)<br \/>&#8211; Ma\u00eblig Duval (L&rsquo;aquarium de Jules)<br \/>&#8211; Andoryss Mel (Miroir Lune)<br \/>&#8211; Sandrine Scardigli (Tsigana &#8211; la Ballade de Katerina)<br \/>&#8211; Pierre Brulhet (Le Long Puits)<br \/>&#8211; Olivier Boile (Vassilissa &amp; le cavalier de l&rsquo;aube)<br \/>&#8211; Elisa Dalmasso (Des vacances si excitantes)<\/p>\n<p><strong>Vous pouvez le commander sur le site des <a href=\"http:\/\/www.editionsduriez.fr\/12.html\" target=\"_blank\" rel=\"noopener noreferrer\"><span style=\"color: #0066cc;\">\u00e9ditions du Riez<\/span><\/a><\/strong><\/p>\n<p><strong><span style=\"text-decoration: underline;\">LA CHORALE DU TEMPS<\/span><br \/><\/strong>Paru dans le recueil \u00ab\u00a0Le Lamento des ombres \u00a0\u00bb du collectif \u00ab\u00a0Les enfants de Walpurgis\u00a0\u00bb en septembre 2011 aux \u00e9ditions du Chat Noir<\/p>\n<p><img loading=\"lazy\" decoding=\"async\" class=\"alignnone size-medium wp-image-164\" src=\"http:\/\/editionsdupetitcaveau.com\/wordpress\/wp-content\/uploads\/2016\/06\/lamento-211x300.jpg\" alt=\"lamento\" width=\"211\" height=\"300\" srcset=\"https:\/\/editionsdupetitcaveau.com\/wordpress\/wp-content\/uploads\/2016\/06\/lamento-211x300.jpg 211w, https:\/\/editionsdupetitcaveau.com\/wordpress\/wp-content\/uploads\/2016\/06\/lamento.jpg 250w\" sizes=\"auto, (max-width: 211px) 100vw, 211px\" \/><\/p>\n<p>Les auteurs : Ambre Dubois, Ang\u00e9lique Ferreira, Marianne Gellon, C\u00e9line Guillaume, C\u00e9cile Guillot, Bettina Nordet, St\u00e9phane Soutoul, Vanessa Terral<\/p>\n<p>Tempo sourd ou pure envol\u00e9e, trille innocente ou rugissement de haine, la musique vibre \u00e0 nos oreilles de ses multiples identit\u00e9s. Tant\u00f4t berceuse, parfois fracassante, elle n\u2019a pas de fronti\u00e8res, elle ignore les bornes. Ou plut\u00f4t, elle les refuse.<br \/>L\u2019harmonie, ce fluide \u00e9vanescent de cannelle et de myrrhe qui perce jusqu\u2019aux palissades des cultures, marche aux confins de la mortalit\u00e9. Elle transgresse les limites humaines. Elle apporte l\u2019ailleurs jusqu\u2019\u00e0 nous, nous y transporte. Elle ouvre des passages vers des mondes imperceptibles et les cr\u00e9atures qui y vivent. Pour la beaut\u00e9, pour la musique\u2026<\/p>\n<p>Huit auteurs se sont rencontr\u00e9s autour d\u2019une poign\u00e9e de notes. Certains ont pris l\u2019immortalit\u00e9 en Dot majeure, d\u2019autres un chant Fa-erique aux accents tragiques. Les restants se sont partag\u00e9 des partitions en cl\u00e9s de Sol afin de passer une porte, une \u00e9preuve\u2026 ou la muraille dont s\u2019entoure un c\u0153ur.<br \/>Dans ce grand op\u00e9ra \u00e0 huit voix, l\u2019Histoire croise l\u2019utopie, la fantasy m\u00e9dite en compagnie du fantastique romantique sur la magie et les pactes faustiens. Un arp\u00e8ge d\u00e9licat se met en \u0153uvre. Une m\u00e9lodie douce-am\u00e8re, o\u00f9 les ombres \u00e9voluent dans les brumes comme dans les consciences\u2026<\/p>\n<p>Le sentier du lamento vous m\u00e8nera jusqu\u2019\u00e0 elles.<\/p>\n<p>Illustration de couverture : C\u00e9cile Guillot<\/p>\n<p><strong> Vous pouvez le commander sur la boutique\u00a0des <a href=\"http:\/\/editionsduchatnoir.com\/shop\/anthologies\/11-le-lamento-des-ombres.html\" target=\"_blank\" rel=\"noopener noreferrer\"><span style=\"color: #0066cc;\">\u00e9ditions du Chat Noir<\/span><\/a><\/strong><\/p>\n<p><span style=\"text-decoration: underline;\"><strong>LES TERRES DU ROI SOMBRE<\/strong><\/span><\/p>\n<p>Paru dans l&rsquo;anthologie \u00ab\u00a0Borders\u00a0\u00bb aux \u00e9ditions CDS en mai 2011 pour le projet Pueblos<\/p>\n<p><img loading=\"lazy\" decoding=\"async\" class=\"aligncenter size-medium wp-image-183\" src=\"http:\/\/editionsdupetitcaveau.com\/wordpress\/wp-content\/uploads\/2020\/04\/borders-183x300.jpg\" alt=\"\" width=\"183\" height=\"300\" srcset=\"https:\/\/editionsdupetitcaveau.com\/wordpress\/wp-content\/uploads\/2020\/04\/borders-183x300.jpg 183w, https:\/\/editionsdupetitcaveau.com\/wordpress\/wp-content\/uploads\/2020\/04\/borders.jpg 200w\" sizes=\"auto, (max-width: 183px) 100vw, 183px\" \/><\/p>\n<p><strong>\u00a0<\/strong><\/p>\n<p lang=\"fr-FR\" align=\"left\">Anthologie dirig\u00e9e\u00a0 par Charlotte Bousquet<br \/>Couverture : Patrick Imbert<br \/>Droits revers\u00e9s \u00e0\u00a0: <strong>Association RESF <\/strong><\/p>\n<p lang=\"fr-FR\" align=\"left\">Les auteurs au sommaire: Yael Assia, David Bry, Fabien Clavel, Marie-Anne Cleden, Sophie Dabat, Ambre Dubois, Franck Ferric, Tepthida Hay, Li-Cam et Don Lorenjy<\/p>\n<p><em>Il y a toujours un choix, quelle que soit la nature de la fronti\u00e8re, m\u00eame s\u2019il n\u2019est pas toujours fait par celui qui le subit. Est-ce qu\u2019\u00eatre un homme, ou pas, finalement, ne se r\u00e9sumerait pas simplement \u00e0 cela ? <\/em><br \/>(H\u00e9l\u00e8ne Ramdani)<\/p>\n<p>Sir\u00e8nes, manipulations g\u00e9n\u00e9tiques, enclaves entre les mondes et les hommes\u2026 Borders, ce sont dix nouvelles sur les seuils et les passages, sur les fronti\u00e8res entre le m\u00eame et l\u2019autre, entre les hommes et entre les mondes\u2026<\/p>\n<p>Oserez-vous, avec eux, la travers\u00e9e des fronti\u00e8res ?<\/p>\n<p><strong><a href=\"http:\/\/www.cds-editions.com\/collection-pueblos-antho-BORDERS.html\" target=\"_blank\" rel=\"noopener noreferrer\"><span style=\"color: #0066cc;\">Les \u00e9ditions CDS<\/span><\/a><\/strong><br \/><strong><span style=\"text-decoration: underline;\">JEUX D&rsquo;ENFANTS<\/span><br \/><\/strong>Paru dans le recueil \u00ab\u00a0Sorci\u00e8res et sortil\u00e8ges du collectif \u00ab\u00a0Les enfants de Walpurgis\u00a0\u00bb en mai 2010<\/p>\n<p><strong><img loading=\"lazy\" decoding=\"async\" class=\"aligncenter size-full wp-image-204\" src=\"http:\/\/editionsdupetitcaveau.com\/wordpress\/wp-content\/uploads\/2020\/04\/sorcieres.bmp\" alt=\"\" width=\"250\" height=\"355\" \/><\/strong>L\u2019imagination s\u2019envole au murmure du mot \u00ab sorci\u00e8re \u00bb, que l\u2019on y songe en belles et sages fianc\u00e9es des dieux anciens ou en vieilles acari\u00e2tres \u00e0 l\u2019\u00e2me ratatin\u00e9e par la marque du Diable. Elles ont accompagn\u00e9 nos premi\u00e8res peurs, trop immenses pour le placard \u00e0 balais, notre adolescence aux fantasmes de filles de feu li\u00e9es \u00e0 la Grande M\u00e8re et l\u2019\u00e9mergence de l\u2019adulte avec ces rumeurs \u00e9moustillantes de courses-poursuites en compagnie du Dieu cornu\u2026<\/p>\n<p>Nos sorci\u00e8res, celles du peuple et des po\u00e8tes, ces femmes qui auront toujours une place dans le foyer de notre imaginaire, sont tout cela et bien plus encore. Neuf auteurs \u2013 neuf, triple nombre spirituel que l\u2019on compte en proph\u00e9tesses \u00e9chevel\u00e9es dans Macbeth, reflets d\u00e9cadents des Moires et autres Nornir sacr\u00e9es \u2013 ont tiss\u00e9 pour vous des sortil\u00e8ges d\u2019encre et de mots, autant de talismans qui vous d\u00e9voileront le Mal pour mieux vous en prot\u00e9ger. Car celui-ci, insidieux par essence, ne se trouve pas toujours l\u00e0 o\u00f9 on le croit !<br \/>Ces neuf r\u00e9cits invoquent des monstres d\u2019\u00e9go\u00efsme et de puissance, des adolescentes \u00e9merveill\u00e9es et na\u00efves, des mondes o\u00f9 la magie, reconnue par tous, s\u2019enseigne ou se combat, d\u2019autres o\u00f9 elle se tait et ruisselle \u00e0 l\u2019ombre du quotidien.<br \/>Le verbe des sorci\u00e8res est une parole envo\u00fbtante, qu\u2019elles soient gu\u00e9risseuses d\u2019innocentes d\u00e9funtes, dirigeante d\u2019une agence d\u2019escorte boys, danseuse de pluie \u00e9prise des forces tut\u00e9laires, fillette ing\u00e9nue sous la coupe d\u2019un adulte malfaisant, jeune apprentie en la cit\u00e9 de Camelot, dame seigneuriale \u00e0 la beaut\u00e9 d\u2019alb\u00e2tre et \u00e0 la volont\u00e9 de fer, justici\u00e8re vaudoue en mission \u00e0 Bordeaux ou meurtri\u00e8re de meuniers sans histoires.<br \/>Vous laisserez-vous conter leurs charmes et leurs merveilles, au risque de vous retrouver\u2026 ensorcel\u00e9 ?<\/p>\n<p>Sommaire:<br \/>La demoiselle d&rsquo;Oakwood de Marianne Gellon<br \/>Sorceress&rsquo; business de Betinna Nordet<br \/>Un deuil pour vengeance de St\u00e9phane Soutoul<br \/>Jeux d&rsquo;enfant d&rsquo;Ambre Dubois<br \/>Mille et une senteurs d&rsquo;Ang\u00e9lique Ferreira<br \/>La forteresse de Nilhm d&rsquo;Alexis Lorens<br \/>Le miroir au fond du puits de Vanessa Terral<br \/>C\u0153ur de cristal de C\u00e9cile Guillot<br \/>Le myst\u00e9rieux chat du moulin de C\u00e9line Guillaume<\/p>\n<p>Vous pouvez vous procurer cet ouvrage sur le site de TheBookEdition:<br \/><a href=\"http:\/\/www.thebookedition.com\/sorcieres-et-sortileges--p-35550.html\"><span style=\"color: #0066cc;\">Sorci\u00e8res et sortil\u00e8ges<\/span><\/a><br \/><span style=\"text-decoration: underline;\"><strong>LA SAGESSE ETERNELLE<\/strong><\/span><br \/>Paru dans le webzine Nuits d&rsquo;Almor, tome 3 consacr\u00e9 \u00e0 l&rsquo;Egypte en juin 2009<\/p>\n<p><img loading=\"lazy\" decoding=\"async\" class=\"aligncenter size-full wp-image-205\" src=\"http:\/\/editionsdupetitcaveau.com\/wordpress\/wp-content\/uploads\/2020\/04\/nuitsdalmor3.jpg\" alt=\"\" width=\"225\" height=\"159\" \/><br \/><em>Au programme: des pyramides, une princesse, des pharaons, des pr\u00eatres, des temples et&#8230;du sang. <\/em><\/p>\n<p><span style=\"text-decoration: underline;\"><strong>LAYLAT<\/strong><\/span><br \/>Publi\u00e9 dans l&rsquo;anthologie \u00ab\u00a0L\u00a0\u00bb en avril 2009<\/p>\n<p><img loading=\"lazy\" decoding=\"async\" class=\"aligncenter size-medium wp-image-185\" src=\"http:\/\/editionsdupetitcaveau.com\/wordpress\/wp-content\/uploads\/2020\/04\/lgrand-184x300.jpg\" alt=\"\" width=\"184\" height=\"300\" srcset=\"https:\/\/editionsdupetitcaveau.com\/wordpress\/wp-content\/uploads\/2020\/04\/lgrand-184x300.jpg 184w, https:\/\/editionsdupetitcaveau.com\/wordpress\/wp-content\/uploads\/2020\/04\/lgrand.jpg 351w\" sizes=\"auto, (max-width: 184px) 100vw, 184px\" \/><\/p>\n<p>Cette anthologie regroupe des textes pour une association venant en aide aux femmes en difficult\u00e9s.<\/p>\n<p>\u00ab L \u00bb<br \/>L\u00e0-bas. En enfer. On Hell.<br \/>Trahies, asservies, meurtries.<br \/>On leur a bris\u00e9 les ailes.<br \/>L\u00e0-bas. En enfer. On Hell.<br \/>Pas si loin d\u2019ici. Tout pr\u00e8s, parfois. Si pr\u00e8s.<br \/>Entrav\u00e9es. Mutil\u00e9es. Viol\u00e9es.<br \/>On leur a vol\u00e9 leur vie.<br \/>Des ailes. Pour Elles. On Hell.<br \/>Pour qu\u2019elles s\u2019enfuient. Pour qu\u2019elles s\u2019envolent. Pour qu\u2019elles soient libres.<br \/>Enfin.<\/p>\n<p>\u00ab L \u00bb. Elle(s). Hell. Aile(s). Trois mots contenus dans une simple lettre. Trois mots pour signifier l\u2019horreur, le combat, la libert\u00e9, l\u2019ind\u00e9pendance, aussi. Trois mots, une infinit\u00e9 d\u2019univers, d\u2019histoires et de contes sur les femmes, pour les femmes\u2026<br \/>\u00ab L \u00bb &#8211; \u00ab L \u00bb comme libert\u00e9, lumi\u00e8re et lyrisme ; \u00ab L \u00bb comme louve, lune et Leto\u2026<\/p>\n<p>Droits revers\u00e9s \u00e0 : Association Aurore<\/p>\n<p>Les auteurs au sommaire de \u00ab\u00a0L\u00a0\u00bb : Nicolas Cluzeau, Nathalie Dau, Lucie Chenu, Sire C\u00e9dric, Estelle Valls de Gomis, Joelle Wintrebert, Li-Cam, Virginia Schilli, Jean-Michel Calvez, M.B.Cras, Ambre Dubois, Maelig Duval, Justine Niogret, Sophie Dabat et Menolly.<\/p>\n<p>Vous pouvez vous procurer cette anthologie sur le site des \u00e9ditions CDS:<br \/><a href=\"http:\/\/www.cds-editions.com\/\"><span style=\"color: #0066cc;\">Les \u00e9ditions CDS<\/span><\/a><\/p>\n<p><span style=\"text-decoration: underline;\"><strong>LE SOURIRE DU DEMON<\/strong><\/span><br \/>Paru dans le 16\u00e8me \u00e9dition du Calepin Jaune en juin 2008<\/p>\n<p><img loading=\"lazy\" decoding=\"async\" class=\"aligncenter size-full wp-image-206\" src=\"http:\/\/editionsdupetitcaveau.com\/wordpress\/wp-content\/uploads\/2020\/04\/calepin.jpg\" alt=\"\" width=\"177\" height=\"250\" \/><br \/><em>Une nouvelle qui se d\u00e9roule dans le Londres victorien et qui mets en sc\u00e8ne un dandy aux penchants d\u00e9cadents que le destin va rattraper.<\/em><\/p>\n<p><span style=\"text-decoration: underline;\"><strong>DAMNE PAR AMOUR<\/strong><\/span><br \/>Paru dans le num\u00e9ro 6 du webzine Outremonde en avril 2008<\/p>\n<p><img loading=\"lazy\" decoding=\"async\" class=\"aligncenter size-full wp-image-207\" src=\"http:\/\/editionsdupetitcaveau.com\/wordpress\/wp-content\/uploads\/2020\/04\/outremonde6.jpg\" alt=\"\" width=\"200\" height=\"283\" \/><br \/><em>Le th\u00e8me de ce webzine \u00e9tait le romantisme noir. Ma petite nouvelle, tr\u00e8s classique, met en sc\u00e8ne une envoutante cr\u00e9ature et un jeune homme sur un sch\u00e9ma de s\u00e9duction victorien.<\/em><\/p>\n<p><span style=\"text-decoration: underline;\"><strong>SONGE OBSCUR<\/strong><\/span><br \/>Paru dans le 14\u00e8me opus du webzine Reflets d&rsquo;Ombres en avril 2008<br \/><em>J&rsquo;ai r\u00e9alis\u00e9 cette nouvelle suite \u00e0 un appel \u00e0 texte des \u00e9ditions 5\u00e8me saison. Malheureusement, elle n&rsquo;a pas \u00e9t\u00e9 reprise par l&rsquo;\u00e9diteur pour faire partie de son anthologie. J&rsquo;ai donc retent\u00e9 ma chance ailleurs, avec plus de succ\u00e8s cette fois. Cette nouvelle raconte l&rsquo;histoire d&rsquo;un s\u00e9duisant fant\u00f4me.<\/em><br \/><a href=\"http:\/\/editionsdupetitcaveau.com\/ambreduboissite01\/reflets.pdf\"><span style=\"color: #0066cc;\">T\u00e9l\u00e9charger le webzine<br \/><\/span><\/a><\/p>\n<p><span class=\"article_separator\">\u00a0<\/span><\/p>\n<\/div><\/div>\n","protected":false},"excerpt":{"rendered":"<p>LE VIEIL HOMME ET L&rsquo;OPOSSUM Paru dans l&rsquo;anthologie L\u00e9gendes d&rsquo;Oc\u00e9anie aux \u00e9ditions Evidence De la Nouvelle-Z\u00e9lande avec ses Maoris et sa faune jusqu\u2019\u00e0 l\u2019Australie, pays-continent, et ses d\u00e9serts o\u00f9 roulent des boules d\u2019herbes s\u00e9ch\u00e9es, son vent sec et torride qui murmure aux oreilles, son Outback, son Temps des R\u00eaves ou <a class=\"more-link\" href=\"https:\/\/editionsdupetitcaveau.com\/wordpress\/nouvelles-publiees\/\">Read More&#8230;<\/a><\/p>\n","protected":false},"author":1,"featured_media":0,"parent":0,"menu_order":0,"comment_status":"closed","ping_status":"closed","template":"","meta":{"footnotes":""},"class_list":["post-59","page","type-page","status-publish","hentry"],"_links":{"self":[{"href":"https:\/\/editionsdupetitcaveau.com\/wordpress\/wp-json\/wp\/v2\/pages\/59","targetHints":{"allow":["GET"]}}],"collection":[{"href":"https:\/\/editionsdupetitcaveau.com\/wordpress\/wp-json\/wp\/v2\/pages"}],"about":[{"href":"https:\/\/editionsdupetitcaveau.com\/wordpress\/wp-json\/wp\/v2\/types\/page"}],"author":[{"embeddable":true,"href":"https:\/\/editionsdupetitcaveau.com\/wordpress\/wp-json\/wp\/v2\/users\/1"}],"replies":[{"embeddable":true,"href":"https:\/\/editionsdupetitcaveau.com\/wordpress\/wp-json\/wp\/v2\/comments?post=59"}],"version-history":[{"count":7,"href":"https:\/\/editionsdupetitcaveau.com\/wordpress\/wp-json\/wp\/v2\/pages\/59\/revisions"}],"predecessor-version":[{"id":208,"href":"https:\/\/editionsdupetitcaveau.com\/wordpress\/wp-json\/wp\/v2\/pages\/59\/revisions\/208"}],"wp:attachment":[{"href":"https:\/\/editionsdupetitcaveau.com\/wordpress\/wp-json\/wp\/v2\/media?parent=59"}],"curies":[{"name":"wp","href":"https:\/\/api.w.org\/{rel}","templated":true}]}}